{"id":7007,"date":"2022-11-25T09:45:33","date_gmt":"2022-11-25T09:45:33","guid":{"rendered":"https:\/\/gesem.es\/blog\/"},"modified":"2025-02-12T09:24:44","modified_gmt":"2025-02-12T09:24:44","slug":"blog","status":"publish","type":"page","link":"https:\/\/gesem.es\/ca\/blog\/","title":{"rendered":"Blog"},"content":{"rendered":"\t\t<div data-elementor-type=\"wp-page\" data-elementor-id=\"7007\" class=\"elementor elementor-7007 elementor-967\" data-elementor-post-type=\"page\">\n\t\t\t\t\t\t<section class=\"elementor-section elementor-top-section elementor-element elementor-element-3bda603 elementor-section-height-min-height elementor-section-content-middle elementor-section-boxed elementor-section-height-default elementor-section-items-middle\" data-id=\"3bda603\" data-element_type=\"section\" data-e-type=\"section\" data-settings=\"{&quot;background_background&quot;:&quot;classic&quot;}\">\n\t\t\t\t\t\t\t<div class=\"elementor-background-overlay\"><\/div>\n\t\t\t\t\t\t\t<div class=\"elementor-container elementor-column-gap-default\">\n\t\t\t\t\t<div class=\"elementor-column elementor-col-100 elementor-top-column elementor-element elementor-element-e89b157\" data-id=\"e89b157\" data-element_type=\"column\" data-e-type=\"column\">\n\t\t\t<div class=\"elementor-widget-wrap elementor-element-populated\">\n\t\t\t\t\t\t<div class=\"elementor-element elementor-element-1da3765 elementor-widget elementor-widget-heading\" data-id=\"1da3765\" data-element_type=\"widget\" data-e-type=\"widget\" data-widget_type=\"heading.default\">\n\t\t\t\t\t<h1 class=\"elementor-heading-title elementor-size-default\">Blog<\/h1>\t\t\t\t<\/div>\n\t\t\t\t\t<\/div>\n\t\t<\/div>\n\t\t\t\t\t<\/div>\n\t\t<\/section>\n\t\t\t\t<section class=\"elementor-section elementor-top-section elementor-element elementor-element-c4dc303 elementor-section-boxed elementor-section-height-default elementor-section-height-default\" data-id=\"c4dc303\" data-element_type=\"section\" data-e-type=\"section\">\n\t\t\t\t\t\t<div class=\"elementor-container elementor-column-gap-default\">\n\t\t\t\t\t<div class=\"elementor-column elementor-col-100 elementor-top-column elementor-element elementor-element-ef4056a\" data-id=\"ef4056a\" data-element_type=\"column\" data-e-type=\"column\" data-settings=\"{&quot;background_background&quot;:&quot;classic&quot;}\">\n\t\t\t<div class=\"elementor-widget-wrap elementor-element-populated\">\n\t\t\t\t\t\t<div class=\"elementor-element elementor-element-21d4df4 elementor-grid-3 elementor-grid-tablet-2 elementor-grid-mobile-1 elementor-posts--thumbnail-top elementor-widget elementor-widget-posts\" data-id=\"21d4df4\" data-element_type=\"widget\" data-e-type=\"widget\" data-settings=\"{&quot;pagination_type&quot;:&quot;numbers&quot;,&quot;classic_columns&quot;:&quot;3&quot;,&quot;classic_columns_tablet&quot;:&quot;2&quot;,&quot;classic_columns_mobile&quot;:&quot;1&quot;,&quot;classic_row_gap&quot;:{&quot;unit&quot;:&quot;px&quot;,&quot;size&quot;:35,&quot;sizes&quot;:[]},&quot;classic_row_gap_tablet&quot;:{&quot;unit&quot;:&quot;px&quot;,&quot;size&quot;:&quot;&quot;,&quot;sizes&quot;:[]},&quot;classic_row_gap_mobile&quot;:{&quot;unit&quot;:&quot;px&quot;,&quot;size&quot;:&quot;&quot;,&quot;sizes&quot;:[]}}\" data-widget_type=\"posts.classic\">\n\t\t\t\t<div class=\"elementor-widget-container\">\n\t\t\t\t\t\t\t<div class=\"elementor-posts-container elementor-posts elementor-posts--skin-classic elementor-grid\" role=\"list\">\n\t\t\t\t<article class=\"elementor-post elementor-grid-item post-43637 post type-post status-publish format-standard has-post-thumbnail hentry category-casos-de-exito category-novedades\" role=\"listitem\">\n\t\t\t\t<a class=\"elementor-post__thumbnail__link\" href=\"https:\/\/gesem.es\/ca\/ucf-i-gesem-salien-per-a-impulsar-la-transformacio-digital-en-el-sector-salut-i-social\/\" tabindex=\"-1\" target=&quot;_blank&quot;>\n\t\t\t<div class=\"elementor-post__thumbnail\"><img fetchpriority=\"high\" decoding=\"async\" width=\"2561\" height=\"849\" src=\"https:\/\/gesem.es\/wp-content\/uploads\/2025\/06\/UCF-_Cabecera-BLOG.png\" class=\"attachment-full size-full wp-image-43523\" alt=\"\" srcset=\"https:\/\/gesem.es\/wp-content\/uploads\/2025\/06\/UCF-_Cabecera-BLOG.png 2561w, https:\/\/gesem.es\/wp-content\/uploads\/2025\/06\/UCF-_Cabecera-BLOG-300x99.png 300w, https:\/\/gesem.es\/wp-content\/uploads\/2025\/06\/UCF-_Cabecera-BLOG-1024x339.png 1024w, https:\/\/gesem.es\/wp-content\/uploads\/2025\/06\/UCF-_Cabecera-BLOG-768x255.png 768w, https:\/\/gesem.es\/wp-content\/uploads\/2025\/06\/UCF-_Cabecera-BLOG-1536x509.png 1536w, https:\/\/gesem.es\/wp-content\/uploads\/2025\/06\/UCF-_Cabecera-BLOG-2048x679.png 2048w, https:\/\/gesem.es\/wp-content\/uploads\/2025\/06\/UCF-_Cabecera-BLOG-600x199.png 600w\" sizes=\"(max-width: 2561px) 100vw, 2561px\" \/><\/div>\n\t\t<\/a>\n\t\t\t\t<div class=\"elementor-post__text\">\n\t\t\t\t<h3 class=\"elementor-post__title\">\n\t\t\t<a href=\"https:\/\/gesem.es\/ca\/ucf-i-gesem-salien-per-a-impulsar-la-transformacio-digital-en-el-sector-salut-i-social\/\" target=&quot;_blank&quot;>\n\t\t\t\tUCF i GESEM s&#8217;alien per a impulsar la transformaci\u00f3 digital en el sector salut i social\t\t\t<\/a>\n\t\t<\/h3>\n\t\t\t\t<div class=\"elementor-post__meta-data\">\n\t\t\t\t\t<span class=\"elementor-post-date\">\n\t\t\t1 de juliol de 2025\t\t<\/span>\n\t\t\t\t<\/div>\n\t\t\t\t<\/div>\n\t\t\t\t<\/article>\n\t\t\t\t<article class=\"elementor-post elementor-grid-item post-43624 post type-post status-publish format-standard has-post-thumbnail hentry category-actualitat\" role=\"listitem\">\n\t\t\t\t<a class=\"elementor-post__thumbnail__link\" href=\"https:\/\/gesem.es\/ca\/automatitza-processos-amb-power-automate\/\" tabindex=\"-1\" target=&quot;_blank&quot;>\n\t\t\t<div class=\"elementor-post__thumbnail\"><img decoding=\"async\" width=\"2560\" height=\"2035\" src=\"https:\/\/gesem.es\/wp-content\/uploads\/2025\/05\/miniatura-blog-02-1-scaled.png\" class=\"attachment-full size-full wp-image-42903\" alt=\"\" srcset=\"https:\/\/gesem.es\/wp-content\/uploads\/2025\/05\/miniatura-blog-02-1-scaled.png 2560w, https:\/\/gesem.es\/wp-content\/uploads\/2025\/05\/miniatura-blog-02-1-300x239.png 300w, https:\/\/gesem.es\/wp-content\/uploads\/2025\/05\/miniatura-blog-02-1-1024x814.png 1024w, https:\/\/gesem.es\/wp-content\/uploads\/2025\/05\/miniatura-blog-02-1-768x611.png 768w, https:\/\/gesem.es\/wp-content\/uploads\/2025\/05\/miniatura-blog-02-1-1536x1221.png 1536w, https:\/\/gesem.es\/wp-content\/uploads\/2025\/05\/miniatura-blog-02-1-2048x1628.png 2048w, https:\/\/gesem.es\/wp-content\/uploads\/2025\/05\/miniatura-blog-02-1-600x477.png 600w\" sizes=\"(max-width: 2560px) 100vw, 2560px\" \/><\/div>\n\t\t<\/a>\n\t\t\t\t<div class=\"elementor-post__text\">\n\t\t\t\t<h3 class=\"elementor-post__title\">\n\t\t\t<a href=\"https:\/\/gesem.es\/ca\/automatitza-processos-amb-power-automate\/\" target=&quot;_blank&quot;>\n\t\t\t\tAutomatitza processos amb Power Automate\t\t\t<\/a>\n\t\t<\/h3>\n\t\t\t\t<div class=\"elementor-post__meta-data\">\n\t\t\t\t\t<span class=\"elementor-post-date\">\n\t\t\t1 de juliol de 2025\t\t<\/span>\n\t\t\t\t<\/div>\n\t\t\t\t<\/div>\n\t\t\t\t<\/article>\n\t\t\t\t<article class=\"elementor-post elementor-grid-item post-23228 post type-post status-publish format-standard has-post-thumbnail hentry category-novedades\" role=\"listitem\">\n\t\t\t\t<a class=\"elementor-post__thumbnail__link\" href=\"https:\/\/gesem.es\/ca\/kapsulate-solucion-innovadora-de-gesem-para-la-formacion-elearning\/\" tabindex=\"-1\" target=&quot;_blank&quot;>\n\t\t\t<div class=\"elementor-post__thumbnail\"><img decoding=\"async\" width=\"1854\" height=\"1238\" src=\"https:\/\/gesem.es\/wp-content\/uploads\/2024\/06\/kapsulate-elearning-gesem-header.jpeg\" class=\"attachment-full size-full wp-image-23240\" alt=\"kapsulate elearning gesem header\" srcset=\"https:\/\/gesem.es\/wp-content\/uploads\/2024\/06\/kapsulate-elearning-gesem-header.jpeg 1854w, https:\/\/gesem.es\/wp-content\/uploads\/2024\/06\/kapsulate-elearning-gesem-header-300x200.jpeg 300w, https:\/\/gesem.es\/wp-content\/uploads\/2024\/06\/kapsulate-elearning-gesem-header-1024x684.jpeg 1024w, https:\/\/gesem.es\/wp-content\/uploads\/2024\/06\/kapsulate-elearning-gesem-header-768x513.jpeg 768w, https:\/\/gesem.es\/wp-content\/uploads\/2024\/06\/kapsulate-elearning-gesem-header-1536x1026.jpeg 1536w, https:\/\/gesem.es\/wp-content\/uploads\/2024\/06\/kapsulate-elearning-gesem-header-600x401.jpeg 600w\" sizes=\"(max-width: 1854px) 100vw, 1854px\" \/><\/div>\n\t\t<\/a>\n\t\t\t\t<div class=\"elementor-post__text\">\n\t\t\t\t<h3 class=\"elementor-post__title\">\n\t\t\t<a href=\"https:\/\/gesem.es\/ca\/kapsulate-solucion-innovadora-de-gesem-para-la-formacion-elearning\/\" target=&quot;_blank&quot;>\n\t\t\t\tDescubre Kapsulate: la soluci\u00f3n innovadora de GESEM para la formaci\u00f3n elearning\t\t\t<\/a>\n\t\t<\/h3>\n\t\t\t\t<div class=\"elementor-post__meta-data\">\n\t\t\t\t\t<span class=\"elementor-post-date\">\n\t\t\t17 de juny de 2024\t\t<\/span>\n\t\t\t\t<\/div>\n\t\t\t\t<\/div>\n\t\t\t\t<\/article>\n\t\t\t\t<article class=\"elementor-post elementor-grid-item post-20474 post type-post status-publish format-standard has-post-thumbnail hentry category-novedades\" role=\"listitem\">\n\t\t\t\t<a class=\"elementor-post__thumbnail__link\" href=\"https:\/\/gesem.es\/ca\/gestion-productividad-rendimiento-profesional\/\" tabindex=\"-1\" target=&quot;_blank&quot;>\n\t\t\t<div class=\"elementor-post__thumbnail\"><img loading=\"lazy\" decoding=\"async\" width=\"2000\" height=\"1333\" src=\"https:\/\/gesem.es\/wp-content\/uploads\/2024\/04\/caso-de-exito-gestion-de-productividad.jpg\" class=\"attachment-full size-full wp-image-20476\" alt=\"caso-de-exito-gestion-de-productividad\" srcset=\"https:\/\/gesem.es\/wp-content\/uploads\/2024\/04\/caso-de-exito-gestion-de-productividad.jpg 2000w, https:\/\/gesem.es\/wp-content\/uploads\/2024\/04\/caso-de-exito-gestion-de-productividad-300x200.jpg 300w, https:\/\/gesem.es\/wp-content\/uploads\/2024\/04\/caso-de-exito-gestion-de-productividad-1024x682.jpg 1024w, https:\/\/gesem.es\/wp-content\/uploads\/2024\/04\/caso-de-exito-gestion-de-productividad-768x512.jpg 768w, https:\/\/gesem.es\/wp-content\/uploads\/2024\/04\/caso-de-exito-gestion-de-productividad-1536x1024.jpg 1536w, https:\/\/gesem.es\/wp-content\/uploads\/2024\/04\/caso-de-exito-gestion-de-productividad-600x400.jpg 600w\" sizes=\"(max-width: 2000px) 100vw, 2000px\" \/><\/div>\n\t\t<\/a>\n\t\t\t\t<div class=\"elementor-post__text\">\n\t\t\t\t<h3 class=\"elementor-post__title\">\n\t\t\t<a href=\"https:\/\/gesem.es\/ca\/gestion-productividad-rendimiento-profesional\/\" target=&quot;_blank&quot;>\n\t\t\t\tGesti\u00f3n de la productividad para incrementar el rendimiento profesional\t\t\t<\/a>\n\t\t<\/h3>\n\t\t\t\t<div class=\"elementor-post__meta-data\">\n\t\t\t\t\t<span class=\"elementor-post-date\">\n\t\t\t9 d'abril de 2024\t\t<\/span>\n\t\t\t\t<\/div>\n\t\t\t\t<\/div>\n\t\t\t\t<\/article>\n\t\t\t\t<article class=\"elementor-post elementor-grid-item post-19136 post type-post status-publish format-standard has-post-thumbnail hentry category-novedades\" role=\"listitem\">\n\t\t\t\t<a class=\"elementor-post__thumbnail__link\" href=\"https:\/\/gesem.es\/ca\/metodologia-disc\/\" tabindex=\"-1\" target=&quot;_blank&quot;>\n\t\t\t<div class=\"elementor-post__thumbnail\"><img loading=\"lazy\" decoding=\"async\" width=\"2048\" height=\"800\" src=\"https:\/\/gesem.es\/wp-content\/uploads\/2024\/03\/Metodo-DISC-como-herramienta-de-liderazgo-exitoso-gesem.jpg\" class=\"attachment-full size-full wp-image-19137\" alt=\"M\u00e9todo-DISC-como-herramienta-de-liderazgo-exitoso-gesem\" srcset=\"https:\/\/gesem.es\/wp-content\/uploads\/2024\/03\/Metodo-DISC-como-herramienta-de-liderazgo-exitoso-gesem.jpg 2048w, https:\/\/gesem.es\/wp-content\/uploads\/2024\/03\/Metodo-DISC-como-herramienta-de-liderazgo-exitoso-gesem-300x117.jpg 300w, https:\/\/gesem.es\/wp-content\/uploads\/2024\/03\/Metodo-DISC-como-herramienta-de-liderazgo-exitoso-gesem-1024x400.jpg 1024w, https:\/\/gesem.es\/wp-content\/uploads\/2024\/03\/Metodo-DISC-como-herramienta-de-liderazgo-exitoso-gesem-768x300.jpg 768w, https:\/\/gesem.es\/wp-content\/uploads\/2024\/03\/Metodo-DISC-como-herramienta-de-liderazgo-exitoso-gesem-1536x600.jpg 1536w, https:\/\/gesem.es\/wp-content\/uploads\/2024\/03\/Metodo-DISC-como-herramienta-de-liderazgo-exitoso-gesem-600x234.jpg 600w\" sizes=\"(max-width: 2048px) 100vw, 2048px\" \/><\/div>\n\t\t<\/a>\n\t\t\t\t<div class=\"elementor-post__text\">\n\t\t\t\t<h3 class=\"elementor-post__title\">\n\t\t\t<a href=\"https:\/\/gesem.es\/ca\/metodologia-disc\/\" target=&quot;_blank&quot;>\n\t\t\t\tM\u00e9todo DISC como herramienta de liderazgo exitoso\t\t\t<\/a>\n\t\t<\/h3>\n\t\t\t\t<div class=\"elementor-post__meta-data\">\n\t\t\t\t\t<span class=\"elementor-post-date\">\n\t\t\t12 de mar\u00e7 de 2024\t\t<\/span>\n\t\t\t\t<\/div>\n\t\t\t\t<\/div>\n\t\t\t\t<\/article>\n\t\t\t\t<article class=\"elementor-post elementor-grid-item post-17274 post type-post status-publish format-standard has-post-thumbnail hentry category-novedades\" role=\"listitem\">\n\t\t\t\t<a class=\"elementor-post__thumbnail__link\" href=\"https:\/\/gesem.es\/ca\/metodologias-agile-en-la-gestion-de-proyectos\/\" tabindex=\"-1\" target=&quot;_blank&quot;>\n\t\t\t<div class=\"elementor-post__thumbnail\"><img loading=\"lazy\" decoding=\"async\" width=\"2048\" height=\"800\" src=\"https:\/\/gesem.es\/wp-content\/uploads\/2024\/02\/Metodologias-Agile-Gestion-de-Proyectos.jpg\" class=\"attachment-full size-full wp-image-17275\" alt=\"Metodolog\u00edas-Agile-Gesti\u00f3n-de-Proyectos\" srcset=\"https:\/\/gesem.es\/wp-content\/uploads\/2024\/02\/Metodologias-Agile-Gestion-de-Proyectos.jpg 2048w, https:\/\/gesem.es\/wp-content\/uploads\/2024\/02\/Metodologias-Agile-Gestion-de-Proyectos-300x117.jpg 300w, https:\/\/gesem.es\/wp-content\/uploads\/2024\/02\/Metodologias-Agile-Gestion-de-Proyectos-1024x400.jpg 1024w, https:\/\/gesem.es\/wp-content\/uploads\/2024\/02\/Metodologias-Agile-Gestion-de-Proyectos-768x300.jpg 768w, https:\/\/gesem.es\/wp-content\/uploads\/2024\/02\/Metodologias-Agile-Gestion-de-Proyectos-1536x600.jpg 1536w, https:\/\/gesem.es\/wp-content\/uploads\/2024\/02\/Metodologias-Agile-Gestion-de-Proyectos-600x234.jpg 600w\" sizes=\"(max-width: 2048px) 100vw, 2048px\" \/><\/div>\n\t\t<\/a>\n\t\t\t\t<div class=\"elementor-post__text\">\n\t\t\t\t<h3 class=\"elementor-post__title\">\n\t\t\t<a href=\"https:\/\/gesem.es\/ca\/metodologias-agile-en-la-gestion-de-proyectos\/\" target=&quot;_blank&quot;>\n\t\t\t\tMetodolog\u00edas Agile en la Gesti\u00f3n de Proyectos, la clave para el \u00e9xito.\t\t\t<\/a>\n\t\t<\/h3>\n\t\t\t\t<div class=\"elementor-post__meta-data\">\n\t\t\t\t\t<span class=\"elementor-post-date\">\n\t\t\t13 de febrer de 2024\t\t<\/span>\n\t\t\t\t<\/div>\n\t\t\t\t<\/div>\n\t\t\t\t<\/article>\n\t\t\t\t<article class=\"elementor-post elementor-grid-item post-12789 post type-post status-publish format-standard has-post-thumbnail hentry category-novedades\" role=\"listitem\">\n\t\t\t\t<a class=\"elementor-post__thumbnail__link\" href=\"https:\/\/gesem.es\/ca\/inteligencia-artificial-aplicada-a-la-empresa\/\" tabindex=\"-1\" target=&quot;_blank&quot;>\n\t\t\t<div class=\"elementor-post__thumbnail\"><img loading=\"lazy\" decoding=\"async\" width=\"500\" height=\"300\" src=\"https:\/\/gesem.es\/wp-content\/uploads\/2023\/07\/cursos-de-formacion-en-Innovacion-y-creatividad-para-empresas.jpg\" class=\"attachment-full size-full wp-image-8180\" alt=\"cursos de formacion en Innovaci\u00f3n y creatividad para empresas\" srcset=\"https:\/\/gesem.es\/wp-content\/uploads\/2023\/07\/cursos-de-formacion-en-Innovacion-y-creatividad-para-empresas.jpg 500w, https:\/\/gesem.es\/wp-content\/uploads\/2023\/07\/cursos-de-formacion-en-Innovacion-y-creatividad-para-empresas-300x180.jpg 300w\" sizes=\"(max-width: 500px) 100vw, 500px\" \/><\/div>\n\t\t<\/a>\n\t\t\t\t<div class=\"elementor-post__text\">\n\t\t\t\t<h3 class=\"elementor-post__title\">\n\t\t\t<a href=\"https:\/\/gesem.es\/ca\/inteligencia-artificial-aplicada-a-la-empresa\/\" target=&quot;_blank&quot;>\n\t\t\t\tInteligencia artificial aplicada a la empresa\t\t\t<\/a>\n\t\t<\/h3>\n\t\t\t\t<div class=\"elementor-post__meta-data\">\n\t\t\t\t\t<span class=\"elementor-post-date\">\n\t\t\t1 de novembre de 2023\t\t<\/span>\n\t\t\t\t<\/div>\n\t\t\t\t<\/div>\n\t\t\t\t<\/article>\n\t\t\t\t<article class=\"elementor-post elementor-grid-item post-9624 post type-post status-publish format-standard has-post-thumbnail hentry category-novedades\" role=\"listitem\">\n\t\t\t\t<a class=\"elementor-post__thumbnail__link\" href=\"https:\/\/gesem.es\/ca\/necesidades-formacion-empresa\/\" tabindex=\"-1\" target=&quot;_blank&quot;>\n\t\t\t<div class=\"elementor-post__thumbnail\"><img loading=\"lazy\" decoding=\"async\" width=\"2048\" height=\"800\" src=\"https:\/\/gesem.es\/wp-content\/uploads\/2023\/09\/necesidades-de-formacion-en-una-empresa.jpg\" class=\"attachment-full size-full wp-image-9727\" alt=\"necesidades-de-formacion-en-una-empresa\" srcset=\"https:\/\/gesem.es\/wp-content\/uploads\/2023\/09\/necesidades-de-formacion-en-una-empresa.jpg 2048w, https:\/\/gesem.es\/wp-content\/uploads\/2023\/09\/necesidades-de-formacion-en-una-empresa-300x117.jpg 300w, https:\/\/gesem.es\/wp-content\/uploads\/2023\/09\/necesidades-de-formacion-en-una-empresa-1024x400.jpg 1024w, https:\/\/gesem.es\/wp-content\/uploads\/2023\/09\/necesidades-de-formacion-en-una-empresa-768x300.jpg 768w, https:\/\/gesem.es\/wp-content\/uploads\/2023\/09\/necesidades-de-formacion-en-una-empresa-1536x600.jpg 1536w, https:\/\/gesem.es\/wp-content\/uploads\/2023\/09\/necesidades-de-formacion-en-una-empresa-600x234.jpg 600w\" sizes=\"(max-width: 2048px) 100vw, 2048px\" \/><\/div>\n\t\t<\/a>\n\t\t\t\t<div class=\"elementor-post__text\">\n\t\t\t\t<h3 class=\"elementor-post__title\">\n\t\t\t<a href=\"https:\/\/gesem.es\/ca\/necesidades-formacion-empresa\/\" target=&quot;_blank&quot;>\n\t\t\t\tNecesidades de formaci\u00f3n en una empresa\t\t\t<\/a>\n\t\t<\/h3>\n\t\t\t\t<div class=\"elementor-post__meta-data\">\n\t\t\t\t\t<span class=\"elementor-post-date\">\n\t\t\t1 d'octubre de 2023\t\t<\/span>\n\t\t\t\t<\/div>\n\t\t\t\t<\/div>\n\t\t\t\t<\/article>\n\t\t\t\t<article class=\"elementor-post elementor-grid-item post-7094 post type-post status-publish format-standard has-post-thumbnail hentry category-actualitat\" role=\"listitem\">\n\t\t\t\t<a class=\"elementor-post__thumbnail__link\" href=\"https:\/\/gesem.es\/ca\/la-ciberseguretat-ha-de-salvaguardar-la-integritat-la-confidencialitat-i-la-disponibilitat-de-les-dades-perque-lempresa-pugui-desenvolupar-la-seva-activitat-de-manera-habitual\/\" tabindex=\"-1\" target=&quot;_blank&quot;>\n\t\t\t<div class=\"elementor-post__thumbnail\"><img loading=\"lazy\" decoding=\"async\" width=\"1610\" height=\"1078\" src=\"https:\/\/gesem.es\/wp-content\/uploads\/2022\/11\/Ciberseguretat.png\" class=\"attachment-full size-full wp-image-7087\" alt=\"En el marco del D\u00eda Internacional de la Seguridad de la Informaci\u00f3n y la Cultura de la Ciberseguridad, hablamos con Micky Frutos, profesor del Curso en Ciberseguridad para usuarios en entornos corporativos.\" srcset=\"https:\/\/gesem.es\/wp-content\/uploads\/2022\/11\/Ciberseguretat.png 1610w, https:\/\/gesem.es\/wp-content\/uploads\/2022\/11\/Ciberseguretat-300x201.png 300w, https:\/\/gesem.es\/wp-content\/uploads\/2022\/11\/Ciberseguretat-1024x686.png 1024w, https:\/\/gesem.es\/wp-content\/uploads\/2022\/11\/Ciberseguretat-768x514.png 768w, https:\/\/gesem.es\/wp-content\/uploads\/2022\/11\/Ciberseguretat-1536x1028.png 1536w, https:\/\/gesem.es\/wp-content\/uploads\/2022\/11\/Ciberseguretat-600x402.png 600w\" sizes=\"(max-width: 1610px) 100vw, 1610px\" \/><\/div>\n\t\t<\/a>\n\t\t\t\t<div class=\"elementor-post__text\">\n\t\t\t\t<h3 class=\"elementor-post__title\">\n\t\t\t<a href=\"https:\/\/gesem.es\/ca\/la-ciberseguretat-ha-de-salvaguardar-la-integritat-la-confidencialitat-i-la-disponibilitat-de-les-dades-perque-lempresa-pugui-desenvolupar-la-seva-activitat-de-manera-habitual\/\" target=&quot;_blank&quot;>\n\t\t\t\tCiberseguretat i la continu\u00eftat operativa empresarial\t\t\t<\/a>\n\t\t<\/h3>\n\t\t\t\t<div class=\"elementor-post__meta-data\">\n\t\t\t\t\t<span class=\"elementor-post-date\">\n\t\t\t30 de novembre de 2022\t\t<\/span>\n\t\t\t\t<\/div>\n\t\t\t\t<\/div>\n\t\t\t\t<\/article>\n\t\t\t\t<article class=\"elementor-post elementor-grid-item post-6990 post type-post status-publish format-standard has-post-thumbnail hentry category-actualitat\" role=\"listitem\">\n\t\t\t\t<a class=\"elementor-post__thumbnail__link\" href=\"https:\/\/gesem.es\/ca\/nou-curs-intensiu-per-a-lobtencio-de-lacreditacio-actic-n2\/\" tabindex=\"-1\" target=&quot;_blank&quot;>\n\t\t\t<div class=\"elementor-post__thumbnail\"><img loading=\"lazy\" decoding=\"async\" width=\"2560\" height=\"1707\" src=\"https:\/\/gesem.es\/wp-content\/uploads\/2022\/11\/ACTIC-scaled.jpg\" class=\"attachment-full size-full wp-image-6988\" alt=\"Imagen decorativa\" srcset=\"https:\/\/gesem.es\/wp-content\/uploads\/2022\/11\/ACTIC-scaled.jpg 2560w, https:\/\/gesem.es\/wp-content\/uploads\/2022\/11\/ACTIC-300x200.jpg 300w, https:\/\/gesem.es\/wp-content\/uploads\/2022\/11\/ACTIC-1024x683.jpg 1024w, https:\/\/gesem.es\/wp-content\/uploads\/2022\/11\/ACTIC-768x512.jpg 768w, https:\/\/gesem.es\/wp-content\/uploads\/2022\/11\/ACTIC-1536x1024.jpg 1536w, https:\/\/gesem.es\/wp-content\/uploads\/2022\/11\/ACTIC-2048x1365.jpg 2048w, https:\/\/gesem.es\/wp-content\/uploads\/2022\/11\/ACTIC-600x400.jpg 600w\" sizes=\"(max-width: 2560px) 100vw, 2560px\" \/><\/div>\n\t\t<\/a>\n\t\t\t\t<div class=\"elementor-post__text\">\n\t\t\t\t<h3 class=\"elementor-post__title\">\n\t\t\t<a href=\"https:\/\/gesem.es\/ca\/nou-curs-intensiu-per-a-lobtencio-de-lacreditacio-actic-n2\/\" target=&quot;_blank&quot;>\n\t\t\t\tNou curs intensiu per a l\u2019obtenci\u00f3 de l\u2019Acreditaci\u00f3 ACTIC N2\t\t\t<\/a>\n\t\t<\/h3>\n\t\t\t\t<div class=\"elementor-post__meta-data\">\n\t\t\t\t\t<span class=\"elementor-post-date\">\n\t\t\t28 de novembre de 2022\t\t<\/span>\n\t\t\t\t<\/div>\n\t\t\t\t<\/div>\n\t\t\t\t<\/article>\n\t\t\t\t<article class=\"elementor-post elementor-grid-item post-4634 post type-post status-publish format-standard has-post-thumbnail hentry category-novedades\" role=\"listitem\">\n\t\t\t\t<a class=\"elementor-post__thumbnail__link\" href=\"https:\/\/gesem.es\/ca\/5-consejos-para-cuidar-a-tu-equipo-en-tiempos-de-pandemia-2\/\" tabindex=\"-1\" target=&quot;_blank&quot;>\n\t\t\t<div class=\"elementor-post__thumbnail\"><img loading=\"lazy\" decoding=\"async\" width=\"660\" height=\"440\" src=\"https:\/\/gesem.es\/wp-content\/uploads\/2021\/11\/consejos-cuidar-empleados-pandemia.jpg\" class=\"attachment-full size-full wp-image-4887\" alt=\"consejos-cuidar-empleados-pandemia\" srcset=\"https:\/\/gesem.es\/wp-content\/uploads\/2021\/11\/consejos-cuidar-empleados-pandemia.jpg 660w, https:\/\/gesem.es\/wp-content\/uploads\/2021\/11\/consejos-cuidar-empleados-pandemia-600x400.jpg 600w, https:\/\/gesem.es\/wp-content\/uploads\/2021\/11\/consejos-cuidar-empleados-pandemia-300x200.jpg 300w\" sizes=\"(max-width: 660px) 100vw, 660px\" \/><\/div>\n\t\t<\/a>\n\t\t\t\t<div class=\"elementor-post__text\">\n\t\t\t\t<h3 class=\"elementor-post__title\">\n\t\t\t<a href=\"https:\/\/gesem.es\/ca\/5-consejos-para-cuidar-a-tu-equipo-en-tiempos-de-pandemia-2\/\" target=&quot;_blank&quot;>\n\t\t\t\t5 Consejos para cuidar a tu equipo en tiempos de pandemia\t\t\t<\/a>\n\t\t<\/h3>\n\t\t\t\t<div class=\"elementor-post__meta-data\">\n\t\t\t\t\t<span class=\"elementor-post-date\">\n\t\t\t22 de novembre de 2021\t\t<\/span>\n\t\t\t\t<\/div>\n\t\t\t\t<\/div>\n\t\t\t\t<\/article>\n\t\t\t\t<article class=\"elementor-post elementor-grid-item post-4632 post type-post status-publish format-standard has-post-thumbnail hentry category-novedades\" role=\"listitem\">\n\t\t\t\t<a class=\"elementor-post__thumbnail__link\" href=\"https:\/\/gesem.es\/ca\/cuando-la-metodologia-agile-sale-en-los-periodicos-2\/\" tabindex=\"-1\" target=&quot;_blank&quot;>\n\t\t\t<div class=\"elementor-post__thumbnail\"><img loading=\"lazy\" decoding=\"async\" width=\"660\" height=\"396\" src=\"https:\/\/gesem.es\/wp-content\/uploads\/2021\/11\/metodologia-agile.jpg\" class=\"attachment-full size-full wp-image-4891\" alt=\"metodologia-agile\" srcset=\"https:\/\/gesem.es\/wp-content\/uploads\/2021\/11\/metodologia-agile.jpg 660w, https:\/\/gesem.es\/wp-content\/uploads\/2021\/11\/metodologia-agile-600x360.jpg 600w, https:\/\/gesem.es\/wp-content\/uploads\/2021\/11\/metodologia-agile-300x180.jpg 300w\" sizes=\"(max-width: 660px) 100vw, 660px\" \/><\/div>\n\t\t<\/a>\n\t\t\t\t<div class=\"elementor-post__text\">\n\t\t\t\t<h3 class=\"elementor-post__title\">\n\t\t\t<a href=\"https:\/\/gesem.es\/ca\/cuando-la-metodologia-agile-sale-en-los-periodicos-2\/\" target=&quot;_blank&quot;>\n\t\t\t\tCuando la metodolog\u00eda Agile sale en los peri\u00f3dicos\t\t\t<\/a>\n\t\t<\/h3>\n\t\t\t\t<div class=\"elementor-post__meta-data\">\n\t\t\t\t\t<span class=\"elementor-post-date\">\n\t\t\t22 de novembre de 2021\t\t<\/span>\n\t\t\t\t<\/div>\n\t\t\t\t<\/div>\n\t\t\t\t<\/article>\n\t\t\t\t<\/div>\n\t\t\n\t\t\t\t<div class=\"e-load-more-anchor\" data-page=\"1\" data-max-page=\"2\" data-next-page=\"https:\/\/gesem.es\/ca\/wp-json\/wp\/v2\/pages\/7007\/page\/2\/\"><\/div>\n\t\t\t\t<nav class=\"elementor-pagination\" aria-label=\"Paginaci\u00f3\">\n\t\t\t<span aria-current=\"page\" class=\"page-numbers current\"><span class=\"elementor-screen-only\">P\u00e0gina<\/span>1<\/span>\n<a class=\"page-numbers\" href=\"https:\/\/gesem.es\/ca\/wp-json\/wp\/v2\/pages\/7007\/page\/2\/\"><span class=\"elementor-screen-only\">P\u00e0gina<\/span>2<\/a>\t\t<\/nav>\n\t\t\t\t\t\t<\/div>\n\t\t\t\t<\/div>\n\t\t\t\t\t<\/div>\n\t\t<\/div>\n\t\t\t\t\t<\/div>\n\t\t<\/section>\n\t\t\t\t<section class=\"elementor-section elementor-top-section elementor-element elementor-element-5e57568 elementor-section-boxed elementor-section-height-default elementor-section-height-default\" data-id=\"5e57568\" data-element_type=\"section\" data-e-type=\"section\">\n\t\t\t\t\t\t<div class=\"elementor-container elementor-column-gap-default\">\n\t\t\t\t\t<div class=\"elementor-column elementor-col-100 elementor-top-column elementor-element elementor-element-328821a\" data-id=\"328821a\" data-element_type=\"column\" data-e-type=\"column\">\n\t\t\t<div class=\"elementor-widget-wrap elementor-element-populated\">\n\t\t\t\t\t\t<div class=\"elementor-element elementor-element-7527ae1 elementor-widget elementor-widget-text-editor\" data-id=\"7527ae1\" data-element_type=\"widget\" data-e-type=\"widget\" data-widget_type=\"text-editor.default\">\n\t\t\t\t\t\t\t\t\t<p>Si dirigeixes una organitzaci\u00f3, \u00e0rea de formaci\u00f3, departament de RRHH o qualsevol departament i\/o equip, t&#8217;ajudem a fer-ho cr\u00e9ixer.<\/p>\n\t\t\t\t\t\t\t\t<\/div>\n\t\t\t\t\t<\/div>\n\t\t<\/div>\n\t\t\t\t\t<\/div>\n\t\t<\/section>\n\t\t<div class=\"elementor-element elementor-element-26890f28 e-flex e-con-boxed e-con e-parent\" data-id=\"26890f28\" data-element_type=\"container\" data-e-type=\"container\" data-settings=\"{&quot;background_background&quot;:&quot;classic&quot;}\">\n\t\t\t\t\t<div class=\"e-con-inner\">\n\t\t\t\t<div class=\"elementor-element elementor-element-35cc6edc form-footer elementor-widget elementor-widget-wpforms\" data-id=\"35cc6edc\" data-element_type=\"widget\" data-e-type=\"widget\" data-widget_type=\"wpforms.default\">\n\t\t\t\t<div class=\"elementor-widget-container\">\n\t\t\t\t\t<style id=\"wpforms-css-vars-root\">\n\t\t\t\t:root {\n\t\t\t\t\t--wpforms-field-border-radius: 3px;\n--wpforms-field-border-style: solid;\n--wpforms-field-border-size: 1px;\n--wpforms-field-background-color: #ffffff;\n--wpforms-field-border-color: rgba( 0, 0, 0, 0.25 );\n--wpforms-field-border-color-spare: rgba( 0, 0, 0, 0.25 );\n--wpforms-field-text-color: rgba( 0, 0, 0, 0.7 );\n--wpforms-field-menu-color: #ffffff;\n--wpforms-label-color: rgba( 0, 0, 0, 0.85 );\n--wpforms-label-sublabel-color: rgba( 0, 0, 0, 0.55 );\n--wpforms-label-error-color: #d63637;\n--wpforms-button-border-radius: 3px;\n--wpforms-button-border-style: none;\n--wpforms-button-border-size: 1px;\n--wpforms-button-background-color: #066aab;\n--wpforms-button-border-color: #066aab;\n--wpforms-button-text-color: #ffffff;\n--wpforms-page-break-color: #066aab;\n--wpforms-background-image: none;\n--wpforms-background-position: center center;\n--wpforms-background-repeat: no-repeat;\n--wpforms-background-size: cover;\n--wpforms-background-width: 100px;\n--wpforms-background-height: 100px;\n--wpforms-background-color: rgba( 0, 0, 0, 0 );\n--wpforms-background-url: none;\n--wpforms-container-padding: 0px;\n--wpforms-container-border-style: none;\n--wpforms-container-border-width: 1px;\n--wpforms-container-border-color: #000000;\n--wpforms-container-border-radius: 3px;\n--wpforms-field-size-input-height: 43px;\n--wpforms-field-size-input-spacing: 15px;\n--wpforms-field-size-font-size: 16px;\n--wpforms-field-size-line-height: 19px;\n--wpforms-field-size-padding-h: 14px;\n--wpforms-field-size-checkbox-size: 16px;\n--wpforms-field-size-sublabel-spacing: 5px;\n--wpforms-field-size-icon-size: 1;\n--wpforms-label-size-font-size: 16px;\n--wpforms-label-size-line-height: 19px;\n--wpforms-label-size-sublabel-font-size: 14px;\n--wpforms-label-size-sublabel-line-height: 17px;\n--wpforms-button-size-font-size: 17px;\n--wpforms-button-size-height: 41px;\n--wpforms-button-size-padding-h: 15px;\n--wpforms-button-size-margin-top: 10px;\n--wpforms-container-shadow-size-box-shadow: none;\n\n\t\t\t\t}\n\t\t\t<\/style><div class=\"wpforms-container wpforms-render-modern\" id=\"wpforms-30118\"><form id=\"wpforms-form-30118\" class=\"wpforms-validate wpforms-form wpforms-ajax-form\" data-formid=\"30118\" method=\"post\" enctype=\"multipart\/form-data\" action=\"\/ca\/wp-json\/wp\/v2\/pages\/7007\" data-token=\"d191ab391347f6d3b9e17de006942470\" data-token-time=\"1777620409\"><noscript class=\"wpforms-error-noscript\">Activeu el JavaScript al navegador per a poder completar el formulari.<\/noscript><div class=\"wpforms-hidden\" id=\"wpforms-error-noscript\">Activeu el JavaScript al navegador per a poder completar el formulari.<\/div><div class=\"wpforms-field-container\"><div id=\"wpforms-30118-field_10-container\" class=\"wpforms-field wpforms-field-layout\" data-field-id=\"10\"><div class=\"wpforms-field-layout-rows wpforms-field-large\"><div class=\"wpforms-layout-row\"><div class=\"wpforms-layout-column wpforms-layout-column-33\"><div id=\"wpforms-30118-field_1-container\" class=\"wpforms-field wpforms-field-name\" data-field-id=\"1\"><label class=\"wpforms-field-label\" for=\"wpforms-30118-field_1\">Nom <span class=\"wpforms-required-label\" aria-hidden=\"true\">*<\/span><\/label><input type=\"text\" id=\"wpforms-30118-field_1\" class=\"wpforms-field-large wpforms-field-required\" name=\"wpforms[fields][1]\" aria-errormessage=\"wpforms-30118-field_1-error\" required><\/div><\/div><div class=\"wpforms-layout-column wpforms-layout-column-33\"><div id=\"wpforms-30118-field_2-container\" class=\"wpforms-field wpforms-field-email\" data-field-id=\"2\"><label class=\"wpforms-field-label\" for=\"wpforms-30118-field_2\">E-mail <span class=\"wpforms-required-label\" aria-hidden=\"true\">*<\/span><\/label><input type=\"email\" id=\"wpforms-30118-field_2\" class=\"wpforms-field-large wpforms-field-required\" name=\"wpforms[fields][2]\" spellcheck=\"false\" aria-errormessage=\"wpforms-30118-field_2-error\" required><\/div><\/div><div class=\"wpforms-layout-column wpforms-layout-column-33\"><div id=\"wpforms-30118-field_4-container\" class=\"wpforms-field wpforms-field-phone\" data-field-id=\"4\"><label class=\"wpforms-field-label\" for=\"wpforms-30118-field_4\">Tel\u00e8fon<\/label><input type=\"tel\" id=\"wpforms-30118-field_4\" class=\"wpforms-field-large wpforms-smart-phone-field\" data-rule-smart-phone-field=\"true\" name=\"wpforms[fields][4]\" aria-label=\"Tel\u00e8fon\" aria-errormessage=\"wpforms-30118-field_4-error\" ><\/div><\/div><\/div><\/div><\/div><div id=\"wpforms-30118-field_11-container\" class=\"wpforms-field wpforms-field-layout\" data-field-id=\"11\"><div class=\"wpforms-field-layout-rows wpforms-field-large\"><div class=\"wpforms-layout-row\"><div class=\"wpforms-layout-column wpforms-layout-column-33\"><div id=\"wpforms-30118-field_3-container\" class=\"wpforms-field wpforms-field-textarea\" data-field-id=\"3\"><label class=\"wpforms-field-label\" for=\"wpforms-30118-field_3\">Empresa<\/label><textarea id=\"wpforms-30118-field_3\" class=\"wpforms-field-small\" name=\"wpforms[fields][3]\" aria-errormessage=\"wpforms-30118-field_3-error\" ><\/textarea><\/div><\/div><div class=\"wpforms-layout-column wpforms-layout-column-33\"><div id=\"wpforms-30118-field_6-container\" class=\"wpforms-field wpforms-field-textarea\" data-field-id=\"6\"><label class=\"wpforms-field-label\" for=\"wpforms-30118-field_6\">\u00c0rea\/Departament<\/label><textarea id=\"wpforms-30118-field_6\" class=\"wpforms-field-small\" name=\"wpforms[fields][6]\" aria-errormessage=\"wpforms-30118-field_6-error\" ><\/textarea><\/div><\/div><div class=\"wpforms-layout-column wpforms-layout-column-33\"><div id=\"wpforms-30118-field_5-container\" class=\"wpforms-field wpforms-field-textarea\" data-field-id=\"5\"><label class=\"wpforms-field-label\" for=\"wpforms-30118-field_5\">Comentaris<\/label><textarea id=\"wpforms-30118-field_5\" class=\"wpforms-field-small\" name=\"wpforms[fields][5]\" aria-errormessage=\"wpforms-30118-field_5-error\" ><\/textarea><\/div><\/div><\/div><\/div><\/div><div id=\"wpforms-30118-field_14-container\" class=\"wpforms-field wpforms-field-checkbox\" data-field-id=\"14\"><fieldset><legend class=\"wpforms-field-label wpforms-label-hide\" aria-hidden=\"false\">Caselles de selecci\u00f3 <span class=\"wpforms-required-label\" aria-hidden=\"true\">*<\/span><\/legend><ul id=\"wpforms-30118-field_14\" class=\"wpforms-field-required\"><li class=\"choice-1 depth-1\"><input type=\"checkbox\" id=\"wpforms-30118-field_14_1\" name=\"wpforms[fields][14][]\" value=\"He llegit i accepto les condicions contingudes en la &lt;a href=&quot;https:\/\/pre.gesem.es\/politica-de-privacidad\/&quot;&gt;Pol\u00edtica de Privacitat &lt;\/a&gt;\" aria-errormessage=\"wpforms-30118-field_14_1-error\" required ><label class=\"wpforms-field-label-inline\" for=\"wpforms-30118-field_14_1\">He llegit i accepto les condicions contingudes en la <a href=\"https:\/\/pre.gesem.es\/politica-de-privacidad\/\">Pol\u00edtica de Privacitat <\/a><\/label><\/li><\/ul><\/fieldset><\/div><div id=\"wpforms-30118-field_15-container\" class=\"wpforms-field wpforms-field-checkbox\" data-field-id=\"15\"><fieldset><legend class=\"wpforms-field-label wpforms-label-hide\" aria-hidden=\"false\">News Letter<\/legend><ul id=\"wpforms-30118-field_15\"><li class=\"choice-1 depth-1\"><input type=\"checkbox\" id=\"wpforms-30118-field_15_1\" name=\"wpforms[fields][15][]\" value=\"Per a subscriure&#039;t a la newsletter de GESEM, marca aquesta casella&quot; amb l&#039;opci\u00f3 &quot;S\u00ed, vull subscriure&#039;m&quot;.\" aria-errormessage=\"wpforms-30118-field_15_1-error\"  ><label class=\"wpforms-field-label-inline\" for=\"wpforms-30118-field_15_1\">Per a subscriure't a la newsletter de GESEM, marca aquesta casella\" amb l'opci\u00f3 \"S\u00ed, vull subscriure'm\".<\/label><\/li><\/ul><\/fieldset><\/div><div id=\"wpforms-30118-field_27-container\" class=\"wpforms-field wpforms-field-hidden\" data-field-id=\"27\"><input type=\"hidden\" id=\"wpforms-30118-field_27\" name=\"wpforms[fields][27]\" value=\"2026-05-01\"><\/div><div id=\"wpforms-30118-field_31-container\" class=\"wpforms-field wpforms-field-hidden\" data-field-id=\"31\"><input type=\"hidden\" id=\"wpforms-30118-field_31\" name=\"wpforms[fields][31]\"><\/div><\/div><!-- .wpforms-field-container --><div class=\"wpforms-recaptcha-container wpforms-is-recaptcha wpforms-is-recaptcha-type-v3\" ><input type=\"hidden\" name=\"wpforms[recaptcha]\" value=\"\"><\/div><div class=\"wpforms-submit-container\" ><input type=\"hidden\" name=\"wpforms[id]\" value=\"30118\"><input type=\"hidden\" name=\"page_title\" value=\"\"><input type=\"hidden\" name=\"page_url\" value=\"https:\/\/gesem.es\/ca\/wp-json\/wp\/v2\/pages\/7007\"><button type=\"submit\" name=\"wpforms[submit]\" id=\"wpforms-submit-30118\" class=\"wpforms-submit\" data-alt-text=\"S&#039;est\u00e0 enviant...\" data-submit-text=\"Env\u00eda\" aria-live=\"assertive\" value=\"wpforms-submit\">Env\u00eda<\/button><img loading=\"lazy\" decoding=\"async\" src=\"https:\/\/gesem.es\/wp-content\/plugins\/wpforms\/assets\/images\/submit-spin.svg\" class=\"wpforms-submit-spinner\" style=\"display: none;\" width=\"26\" height=\"26\" alt=\"S&#039;est\u00e0 carregant\"><\/div><\/form><\/div>  <!-- .wpforms-container -->\t\t\t\t<\/div>\n\t\t\t\t<\/div>\n\t\t\t\t\t<\/div>\n\t\t\t\t<\/div>\n\t\t\t\t<\/div>\n\t\t","protected":false},"excerpt":{"rendered":"<p class=\"excerpt\">Blog Si dirigeixes<\/p>\n","protected":false},"author":2709,"featured_media":0,"parent":0,"menu_order":0,"comment_status":"closed","ping_status":"closed","template":"template-blank.php","meta":{"_acf_changed":false,"productId":0,"courseId":0,"footnotes":""},"class_list":["post-7007","page","type-page","status-publish","hentry"],"acf":[],"yoast_head":"<!-- This site is optimized with the Yoast SEO plugin v27.5 - https:\/\/yoast.com\/product\/yoast-seo-wordpress\/ -->\n<title>Blog - Gesem \u00b7 Digital &amp; SoftSkills<\/title>\n<meta name=\"description\" content=\"Si dirigeixes una organitzaci\u00f3, \u00e0rea de formaci\u00f3 o departament de RRHH t&#039;expliquem al nostre bloc les novetats en formaci\u00f3 perqu\u00e8 estiguis al dia.\" \/>\n<meta name=\"robots\" content=\"index, follow, max-snippet:-1, max-image-preview:large, max-video-preview:-1\" \/>\n<link rel=\"canonical\" href=\"https:\/\/gesem.es\/ca\/blog\/\" \/>\n<meta property=\"og:locale\" content=\"ca_ES\" \/>\n<meta property=\"og:type\" content=\"article\" \/>\n<meta property=\"og:title\" content=\"Blog - Gesem \u00b7 Digital &amp; SoftSkills\" \/>\n<meta property=\"og:description\" content=\"Si dirigeixes una organitzaci\u00f3, \u00e0rea de formaci\u00f3 o departament de RRHH t&#039;expliquem al nostre bloc les novetats en formaci\u00f3 perqu\u00e8 estiguis al dia.\" \/>\n<meta property=\"og:url\" content=\"https:\/\/gesem.es\/ca\/blog\/\" \/>\n<meta property=\"og:site_name\" content=\"Gesem \u00b7 Digital &amp; SoftSkills\" \/>\n<meta property=\"article:modified_time\" content=\"2025-02-12T09:24:44+00:00\" \/>\n<meta property=\"og:image\" content=\"https:\/\/gesem.es\/wp-content\/plugins\/wpforms\/assets\/images\/submit-spin.svg\" \/>\n<meta name=\"twitter:card\" content=\"summary_large_image\" \/>\n<meta name=\"twitter:label1\" content=\"Temps estimat de lectura\" \/>\n\t<meta name=\"twitter:data1\" content=\"4 minuts\" \/>\n<script type=\"application\/ld+json\" class=\"yoast-schema-graph\">{\"@context\":\"https:\\\/\\\/schema.org\",\"@graph\":[{\"@type\":\"WebPage\",\"@id\":\"https:\\\/\\\/gesem.es\\\/ca\\\/blog\\\/\",\"url\":\"https:\\\/\\\/gesem.es\\\/ca\\\/blog\\\/\",\"name\":\"Blog - Gesem \u00b7 Digital &amp; SoftSkills\",\"isPartOf\":{\"@id\":\"https:\\\/\\\/gesem.es\\\/ca\\\/#website\"},\"primaryImageOfPage\":{\"@id\":\"https:\\\/\\\/gesem.es\\\/ca\\\/blog\\\/#primaryimage\"},\"image\":{\"@id\":\"https:\\\/\\\/gesem.es\\\/ca\\\/blog\\\/#primaryimage\"},\"thumbnailUrl\":\"https:\\\/\\\/gesem.es\\\/wp-content\\\/plugins\\\/wpforms\\\/assets\\\/images\\\/submit-spin.svg\",\"datePublished\":\"2022-11-25T09:45:33+00:00\",\"dateModified\":\"2025-02-12T09:24:44+00:00\",\"description\":\"Si dirigeixes una organitzaci\u00f3, \u00e0rea de formaci\u00f3 o departament de RRHH t'expliquem al nostre bloc les novetats en formaci\u00f3 perqu\u00e8 estiguis al dia.\",\"breadcrumb\":{\"@id\":\"https:\\\/\\\/gesem.es\\\/ca\\\/blog\\\/#breadcrumb\"},\"inLanguage\":\"ca\",\"potentialAction\":[{\"@type\":\"ReadAction\",\"target\":[\"https:\\\/\\\/gesem.es\\\/ca\\\/blog\\\/\"]}]},{\"@type\":\"ImageObject\",\"inLanguage\":\"ca\",\"@id\":\"https:\\\/\\\/gesem.es\\\/ca\\\/blog\\\/#primaryimage\",\"url\":\"https:\\\/\\\/gesem.es\\\/wp-content\\\/plugins\\\/wpforms\\\/assets\\\/images\\\/submit-spin.svg\",\"contentUrl\":\"https:\\\/\\\/gesem.es\\\/wp-content\\\/plugins\\\/wpforms\\\/assets\\\/images\\\/submit-spin.svg\"},{\"@type\":\"BreadcrumbList\",\"@id\":\"https:\\\/\\\/gesem.es\\\/ca\\\/blog\\\/#breadcrumb\",\"itemListElement\":[{\"@type\":\"ListItem\",\"position\":1,\"name\":\"Portada\",\"item\":\"https:\\\/\\\/gesem.es\\\/ca\\\/\"},{\"@type\":\"ListItem\",\"position\":2,\"name\":\"Blog\"}]},{\"@type\":\"WebSite\",\"@id\":\"https:\\\/\\\/gesem.es\\\/ca\\\/#website\",\"url\":\"https:\\\/\\\/gesem.es\\\/ca\\\/\",\"name\":\"Gesem \u00b7 Digital &amp; SoftSkills\",\"description\":\"Formaci\u00f3n y consultoria\",\"publisher\":{\"@id\":\"https:\\\/\\\/gesem.es\\\/ca\\\/#organization\"},\"potentialAction\":[{\"@type\":\"SearchAction\",\"target\":{\"@type\":\"EntryPoint\",\"urlTemplate\":\"https:\\\/\\\/gesem.es\\\/ca\\\/?s={search_term_string}\"},\"query-input\":{\"@type\":\"PropertyValueSpecification\",\"valueRequired\":true,\"valueName\":\"search_term_string\"}}],\"inLanguage\":\"ca\"},{\"@type\":\"Organization\",\"@id\":\"https:\\\/\\\/gesem.es\\\/ca\\\/#organization\",\"name\":\"Gesem\",\"url\":\"https:\\\/\\\/gesem.es\\\/ca\\\/\",\"logo\":{\"@type\":\"ImageObject\",\"inLanguage\":\"ca\",\"@id\":\"https:\\\/\\\/gesem.es\\\/ca\\\/#\\\/schema\\\/logo\\\/image\\\/\",\"url\":\"https:\\\/\\\/gesem.es\\\/wp-content\\\/uploads\\\/2021\\\/11\\\/Gesem-Logo-2.png\",\"contentUrl\":\"https:\\\/\\\/gesem.es\\\/wp-content\\\/uploads\\\/2021\\\/11\\\/Gesem-Logo-2.png\",\"width\":1171,\"height\":433,\"caption\":\"Gesem\"},\"image\":{\"@id\":\"https:\\\/\\\/gesem.es\\\/ca\\\/#\\\/schema\\\/logo\\\/image\\\/\"}}]}<\/script>\n<!-- \/ Yoast SEO plugin. -->","yoast_head_json":{"title":"Blog - Gesem \u00b7 Digital &amp; SoftSkills","description":"Si dirigeixes una organitzaci\u00f3, \u00e0rea de formaci\u00f3 o departament de RRHH t'expliquem al nostre bloc les novetats en formaci\u00f3 perqu\u00e8 estiguis al dia.","robots":{"index":"index","follow":"follow","max-snippet":"max-snippet:-1","max-image-preview":"max-image-preview:large","max-video-preview":"max-video-preview:-1"},"canonical":"https:\/\/gesem.es\/ca\/blog\/","og_locale":"ca_ES","og_type":"article","og_title":"Blog - Gesem \u00b7 Digital &amp; SoftSkills","og_description":"Si dirigeixes una organitzaci\u00f3, \u00e0rea de formaci\u00f3 o departament de RRHH t'expliquem al nostre bloc les novetats en formaci\u00f3 perqu\u00e8 estiguis al dia.","og_url":"https:\/\/gesem.es\/ca\/blog\/","og_site_name":"Gesem \u00b7 Digital &amp; SoftSkills","article_modified_time":"2025-02-12T09:24:44+00:00","og_image":[{"url":"https:\/\/gesem.es\/wp-content\/plugins\/wpforms\/assets\/images\/submit-spin.svg","type":"","width":"","height":""}],"twitter_card":"summary_large_image","twitter_misc":{"Temps estimat de lectura":"4 minuts"},"schema":{"@context":"https:\/\/schema.org","@graph":[{"@type":"WebPage","@id":"https:\/\/gesem.es\/ca\/blog\/","url":"https:\/\/gesem.es\/ca\/blog\/","name":"Blog - Gesem \u00b7 Digital &amp; SoftSkills","isPartOf":{"@id":"https:\/\/gesem.es\/ca\/#website"},"primaryImageOfPage":{"@id":"https:\/\/gesem.es\/ca\/blog\/#primaryimage"},"image":{"@id":"https:\/\/gesem.es\/ca\/blog\/#primaryimage"},"thumbnailUrl":"https:\/\/gesem.es\/wp-content\/plugins\/wpforms\/assets\/images\/submit-spin.svg","datePublished":"2022-11-25T09:45:33+00:00","dateModified":"2025-02-12T09:24:44+00:00","description":"Si dirigeixes una organitzaci\u00f3, \u00e0rea de formaci\u00f3 o departament de RRHH t'expliquem al nostre bloc les novetats en formaci\u00f3 perqu\u00e8 estiguis al dia.","breadcrumb":{"@id":"https:\/\/gesem.es\/ca\/blog\/#breadcrumb"},"inLanguage":"ca","potentialAction":[{"@type":"ReadAction","target":["https:\/\/gesem.es\/ca\/blog\/"]}]},{"@type":"ImageObject","inLanguage":"ca","@id":"https:\/\/gesem.es\/ca\/blog\/#primaryimage","url":"https:\/\/gesem.es\/wp-content\/plugins\/wpforms\/assets\/images\/submit-spin.svg","contentUrl":"https:\/\/gesem.es\/wp-content\/plugins\/wpforms\/assets\/images\/submit-spin.svg"},{"@type":"BreadcrumbList","@id":"https:\/\/gesem.es\/ca\/blog\/#breadcrumb","itemListElement":[{"@type":"ListItem","position":1,"name":"Portada","item":"https:\/\/gesem.es\/ca\/"},{"@type":"ListItem","position":2,"name":"Blog"}]},{"@type":"WebSite","@id":"https:\/\/gesem.es\/ca\/#website","url":"https:\/\/gesem.es\/ca\/","name":"Gesem \u00b7 Digital &amp; SoftSkills","description":"Formaci\u00f3n y consultoria","publisher":{"@id":"https:\/\/gesem.es\/ca\/#organization"},"potentialAction":[{"@type":"SearchAction","target":{"@type":"EntryPoint","urlTemplate":"https:\/\/gesem.es\/ca\/?s={search_term_string}"},"query-input":{"@type":"PropertyValueSpecification","valueRequired":true,"valueName":"search_term_string"}}],"inLanguage":"ca"},{"@type":"Organization","@id":"https:\/\/gesem.es\/ca\/#organization","name":"Gesem","url":"https:\/\/gesem.es\/ca\/","logo":{"@type":"ImageObject","inLanguage":"ca","@id":"https:\/\/gesem.es\/ca\/#\/schema\/logo\/image\/","url":"https:\/\/gesem.es\/wp-content\/uploads\/2021\/11\/Gesem-Logo-2.png","contentUrl":"https:\/\/gesem.es\/wp-content\/uploads\/2021\/11\/Gesem-Logo-2.png","width":1171,"height":433,"caption":"Gesem"},"image":{"@id":"https:\/\/gesem.es\/ca\/#\/schema\/logo\/image\/"}}]}},"_links":{"self":[{"href":"https:\/\/gesem.es\/ca\/wp-json\/wp\/v2\/pages\/7007","targetHints":{"allow":["GET"]}}],"collection":[{"href":"https:\/\/gesem.es\/ca\/wp-json\/wp\/v2\/pages"}],"about":[{"href":"https:\/\/gesem.es\/ca\/wp-json\/wp\/v2\/types\/page"}],"author":[{"embeddable":true,"href":"https:\/\/gesem.es\/ca\/wp-json\/wp\/v2\/users\/2709"}],"replies":[{"embeddable":true,"href":"https:\/\/gesem.es\/ca\/wp-json\/wp\/v2\/comments?post=7007"}],"version-history":[{"count":15,"href":"https:\/\/gesem.es\/ca\/wp-json\/wp\/v2\/pages\/7007\/revisions"}],"predecessor-version":[{"id":40328,"href":"https:\/\/gesem.es\/ca\/wp-json\/wp\/v2\/pages\/7007\/revisions\/40328"}],"wp:attachment":[{"href":"https:\/\/gesem.es\/ca\/wp-json\/wp\/v2\/media?parent=7007"}],"curies":[{"name":"wp","href":"https:\/\/api.w.org\/{rel}","templated":true}]}}